{"id":4718,"date":"2024-02-12T08:41:55","date_gmt":"2024-02-12T08:41:55","guid":{"rendered":"https:\/\/ambtottancat.com\/blog\/"},"modified":"2024-06-03T13:04:34","modified_gmt":"2024-06-03T13:04:34","slug":"blog","status":"publish","type":"page","link":"https:\/\/ambtottancat.com\/ca\/blog\/","title":{"rendered":"Blog"},"content":{"rendered":"<div class=\"gb-container gb-container-13e9b7a0 blog alignfull\">\n<div class=\"gb-container gb-container-a06cbb6d\">\n\n<div class=\"gb-grid-wrapper gb-grid-wrapper-69f50fb1 gb-query-loop-wrapper\">\n<div class=\"gb-grid-column gb-grid-column-3938c607 gb-query-loop-item post-6462 post type-post status-publish format-standard has-post-thumbnail hentry category-blog-ambtottancat\"><div class=\"gb-container gb-container-3938c607\">\n<figure class=\"gb-block-image gb-block-image-af06b351\"><img loading=\"lazy\" decoding=\"async\" width=\"1536\" height=\"1024\" src=\"https:\/\/ambtottancat.com\/wp-content\/uploads\/2025\/12\/rejas-para-ventanas-seguras.jpg\" class=\"gb-image-af06b351\" alt=\"reixes per a finestres segures\" srcset=\"https:\/\/ambtottancat.com\/wp-content\/uploads\/2025\/12\/rejas-para-ventanas-seguras.jpg 1536w, https:\/\/ambtottancat.com\/wp-content\/uploads\/2025\/12\/rejas-para-ventanas-seguras-300x200.jpg 300w, https:\/\/ambtottancat.com\/wp-content\/uploads\/2025\/12\/rejas-para-ventanas-seguras-1024x683.jpg 1024w, https:\/\/ambtottancat.com\/wp-content\/uploads\/2025\/12\/rejas-para-ventanas-seguras-768x512.jpg 768w\" sizes=\"auto, (max-width: 1536px) 100vw, 1536px\" \/><\/figure>\n\n<h2 class=\"gb-headline gb-headline-23e70113 gb-headline-text\"><a href=\"https:\/\/ambtottancat.com\/ca\/reixes-per-a-finestres-segures-proteccio-eficac-per-a-la-teva-llar-sense-renunciar-al-disseny\/\">Reixes per a finestres segures: protecci\u00f3 efica\u00e7 per a la teva llar sense renunciar al disseny<\/a><\/h2>\n\n<p class=\"gb-headline gb-headline-4e52aed3 gb-headline-text\"><time class=\"entry-date published\" datetime=\"2025-12-26T08:00:00+02:00\">26 de desembre de 2025<\/time><\/p>\n\n<div class=\"gb-headline gb-headline-b7b6ec46 gb-headline-text\">Quan parlem de seguretat a la llar, les finestres continuen sent un dels punts m\u00e9s &#8230; <a title=\"Reixes per a finestres segures: protecci\u00f3 efica\u00e7 per a la teva llar sense renunciar al disseny\" class=\"read-more\" href=\"https:\/\/ambtottancat.com\/ca\/reixes-per-a-finestres-segures-proteccio-eficac-per-a-la-teva-llar-sense-renunciar-al-disseny\/\" aria-label=\"M\u00e9s informaci\u00f3 sobre Reixes per a finestres segures: protecci\u00f3 efica\u00e7 per a la teva llar sense renunciar al disseny\">Read more<\/a><\/div>\n<\/div><\/div>\n\n<div class=\"gb-grid-column gb-grid-column-3938c607 gb-query-loop-item post-6459 post type-post status-publish format-standard has-post-thumbnail hentry category-blog-ambtottancat\"><div class=\"gb-container gb-container-3938c607\">\n<figure class=\"gb-block-image gb-block-image-af06b351\"><img loading=\"lazy\" decoding=\"async\" width=\"1536\" height=\"1024\" src=\"https:\/\/ambtottancat.com\/wp-content\/uploads\/2025\/12\/proteger-puertas-de-entrada.jpg\" class=\"gb-image-af06b351\" alt=\"protegir portes d&#039; entrada\" srcset=\"https:\/\/ambtottancat.com\/wp-content\/uploads\/2025\/12\/proteger-puertas-de-entrada.jpg 1536w, https:\/\/ambtottancat.com\/wp-content\/uploads\/2025\/12\/proteger-puertas-de-entrada-300x200.jpg 300w, https:\/\/ambtottancat.com\/wp-content\/uploads\/2025\/12\/proteger-puertas-de-entrada-1024x683.jpg 1024w, https:\/\/ambtottancat.com\/wp-content\/uploads\/2025\/12\/proteger-puertas-de-entrada-768x512.jpg 768w\" sizes=\"auto, (max-width: 1536px) 100vw, 1536px\" \/><\/figure>\n\n<h2 class=\"gb-headline gb-headline-23e70113 gb-headline-text\"><a href=\"https:\/\/ambtottancat.com\/ca\/protegir-portes-dentrada-claus-reals-per-reforcar-la-seguretat-de-la-teva-llar\/\">Protegir portes d&#8217;entrada: claus reals per refor\u00e7ar la seguretat de la teva llar<\/a><\/h2>\n\n<p class=\"gb-headline gb-headline-4e52aed3 gb-headline-text\"><time class=\"entry-date published\" datetime=\"2025-12-19T08:00:00+02:00\">19 de desembre de 2025<\/time><\/p>\n\n<div class=\"gb-headline gb-headline-b7b6ec46 gb-headline-text\">Protegir portes d&#8217;entrada \u00e9s una de les decisions m\u00e9s importants quan es tracta de la &#8230; <a title=\"Protegir portes d&#8217;entrada: claus reals per refor\u00e7ar la seguretat de la teva llar\" class=\"read-more\" href=\"https:\/\/ambtottancat.com\/ca\/protegir-portes-dentrada-claus-reals-per-reforcar-la-seguretat-de-la-teva-llar\/\" aria-label=\"M\u00e9s informaci\u00f3 sobre Protegir portes d&#8217;entrada: claus reals per refor\u00e7ar la seguretat de la teva llar\">Read more<\/a><\/div>\n<\/div><\/div>\n\n<div class=\"gb-grid-column gb-grid-column-3938c607 gb-query-loop-item post-6456 post type-post status-publish format-standard has-post-thumbnail hentry category-blog-ambtottancat\"><div class=\"gb-container gb-container-3938c607\">\n<figure class=\"gb-block-image gb-block-image-af06b351\"><img loading=\"lazy\" decoding=\"async\" width=\"1536\" height=\"1024\" src=\"https:\/\/ambtottancat.com\/wp-content\/uploads\/2025\/12\/ganzua.jpg\" class=\"gb-image-af06b351\" alt=\"ganzua\" srcset=\"https:\/\/ambtottancat.com\/wp-content\/uploads\/2025\/12\/ganzua.jpg 1536w, https:\/\/ambtottancat.com\/wp-content\/uploads\/2025\/12\/ganzua-300x200.jpg 300w, https:\/\/ambtottancat.com\/wp-content\/uploads\/2025\/12\/ganzua-1024x683.jpg 1024w, https:\/\/ambtottancat.com\/wp-content\/uploads\/2025\/12\/ganzua-768x512.jpg 768w\" sizes=\"auto, (max-width: 1536px) 100vw, 1536px\" \/><\/figure>\n\n<h2 class=\"gb-headline gb-headline-23e70113 gb-headline-text\"><a href=\"https:\/\/ambtottancat.com\/ca\/ganzua-i-portes-de-seguretat-com-protegir-la-teva-llar-davant-tecniques-dobertura-illegal\/\">Ganz\u00faa i portes de seguretat: com protegir la teva llar davant t\u00e8cniques d&#8217;obertura il\u00b7legal<\/a><\/h2>\n\n<p class=\"gb-headline gb-headline-4e52aed3 gb-headline-text\"><time class=\"entry-date published\" datetime=\"2025-12-12T08:00:00+02:00\">12 de desembre de 2025<\/time><\/p>\n\n<div class=\"gb-headline gb-headline-b7b6ec46 gb-headline-text\">La ganz\u00faa \u00e9s una de les eines m\u00e9s utilitzades en intents d&#8217;obertura no autoritzada de &#8230; <a title=\"Ganz\u00faa i portes de seguretat: com protegir la teva llar davant t\u00e8cniques d&#8217;obertura il\u00b7legal\" class=\"read-more\" href=\"https:\/\/ambtottancat.com\/ca\/ganzua-i-portes-de-seguretat-com-protegir-la-teva-llar-davant-tecniques-dobertura-illegal\/\" aria-label=\"M\u00e9s informaci\u00f3 sobre Ganz\u00faa i portes de seguretat: com protegir la teva llar davant t\u00e8cniques d&#8217;obertura il\u00b7legal\">Read more<\/a><\/div>\n<\/div><\/div>\n\n<div class=\"gb-grid-column gb-grid-column-3938c607 gb-query-loop-item post-6453 post type-post status-publish format-standard has-post-thumbnail hentry category-blog-ambtottancat\"><div class=\"gb-container gb-container-3938c607\">\n<figure class=\"gb-block-image gb-block-image-af06b351\"><img loading=\"lazy\" decoding=\"async\" width=\"1536\" height=\"1024\" src=\"https:\/\/ambtottancat.com\/wp-content\/uploads\/2025\/12\/partes-de-una-cerradura.jpg\" class=\"gb-image-af06b351\" alt=\"parts d&#039; un pany\" srcset=\"https:\/\/ambtottancat.com\/wp-content\/uploads\/2025\/12\/partes-de-una-cerradura.jpg 1536w, https:\/\/ambtottancat.com\/wp-content\/uploads\/2025\/12\/partes-de-una-cerradura-300x200.jpg 300w, https:\/\/ambtottancat.com\/wp-content\/uploads\/2025\/12\/partes-de-una-cerradura-1024x683.jpg 1024w, https:\/\/ambtottancat.com\/wp-content\/uploads\/2025\/12\/partes-de-una-cerradura-768x512.jpg 768w\" sizes=\"auto, (max-width: 1536px) 100vw, 1536px\" \/><\/figure>\n\n<h2 class=\"gb-headline gb-headline-23e70113 gb-headline-text\"><a href=\"https:\/\/ambtottancat.com\/ca\/parts-dun-pany-guia-completa-per-entendre-com-protegeix-la-teva-llar\/\">Parts d&#8217;un pany: guia completa per entendre com protegeix la teva llar<\/a><\/h2>\n\n<p class=\"gb-headline gb-headline-4e52aed3 gb-headline-text\"><time class=\"entry-date published\" datetime=\"2025-12-05T08:00:00+02:00\">5 de desembre de 2025<\/time><\/p>\n\n<div class=\"gb-headline gb-headline-b7b6ec46 gb-headline-text\">Entendre les parts d&#8217;un pany \u00e9s molt m\u00e9s important del que sembla a simple vista. &#8230; <a title=\"Parts d&#8217;un pany: guia completa per entendre com protegeix la teva llar\" class=\"read-more\" href=\"https:\/\/ambtottancat.com\/ca\/parts-dun-pany-guia-completa-per-entendre-com-protegeix-la-teva-llar\/\" aria-label=\"M\u00e9s informaci\u00f3 sobre Parts d&#8217;un pany: guia completa per entendre com protegeix la teva llar\">Read more<\/a><\/div>\n<\/div><\/div>\n\n<div class=\"gb-grid-column gb-grid-column-3938c607 gb-query-loop-item post-6450 post type-post status-publish format-standard has-post-thumbnail hentry category-blog-ambtottancat\"><div class=\"gb-container gb-container-3938c607\">\n<figure class=\"gb-block-image gb-block-image-af06b351\"><img loading=\"lazy\" decoding=\"async\" width=\"1536\" height=\"1024\" src=\"https:\/\/ambtottancat.com\/wp-content\/uploads\/2025\/11\/puerta-para-patio.webp\" class=\"gb-image-af06b351\" alt=\"\" srcset=\"https:\/\/ambtottancat.com\/wp-content\/uploads\/2025\/11\/puerta-para-patio.webp 1536w, https:\/\/ambtottancat.com\/wp-content\/uploads\/2025\/11\/puerta-para-patio-300x200.webp 300w, https:\/\/ambtottancat.com\/wp-content\/uploads\/2025\/11\/puerta-para-patio-1024x683.webp 1024w, https:\/\/ambtottancat.com\/wp-content\/uploads\/2025\/11\/puerta-para-patio-768x512.webp 768w\" sizes=\"auto, (max-width: 1536px) 100vw, 1536px\" \/><\/figure>\n\n<h2 class=\"gb-headline gb-headline-23e70113 gb-headline-text\"><a href=\"https:\/\/ambtottancat.com\/ca\/porta-per-a-pati-guia-definitiva-per-triar-la-millor-opcio-per-a-la-teva-llar\/\">Porta per a pati: guia definitiva per triar la millor opci\u00f3 per a la teva llar<\/a><\/h2>\n\n<p class=\"gb-headline gb-headline-4e52aed3 gb-headline-text\"><time class=\"entry-date published\" datetime=\"2025-11-28T08:00:00+02:00\">28 de novembre de 2025<\/time><\/p>\n\n<div class=\"gb-headline gb-headline-b7b6ec46 gb-headline-text\">Triar la porta per a pati adequada \u00e9s una de les decisions m\u00e9s importants per &#8230; <a title=\"Porta per a pati: guia definitiva per triar la millor opci\u00f3 per a la teva llar\" class=\"read-more\" href=\"https:\/\/ambtottancat.com\/ca\/porta-per-a-pati-guia-definitiva-per-triar-la-millor-opcio-per-a-la-teva-llar\/\" aria-label=\"M\u00e9s informaci\u00f3 sobre Porta per a pati: guia definitiva per triar la millor opci\u00f3 per a la teva llar\">Read more<\/a><\/div>\n<\/div><\/div>\n\n<div class=\"gb-grid-column gb-grid-column-3938c607 gb-query-loop-item post-6448 post type-post status-publish format-standard has-post-thumbnail hentry category-blog-ambtottancat\"><div class=\"gb-container gb-container-3938c607\">\n<figure class=\"gb-block-image gb-block-image-af06b351\"><img loading=\"lazy\" decoding=\"async\" width=\"1536\" height=\"1024\" src=\"https:\/\/ambtottancat.com\/wp-content\/uploads\/2025\/11\/puerta-para-terraza-exterior.webp\" class=\"gb-image-af06b351\" alt=\"porta per a terrassa exterior\" srcset=\"https:\/\/ambtottancat.com\/wp-content\/uploads\/2025\/11\/puerta-para-terraza-exterior.webp 1536w, https:\/\/ambtottancat.com\/wp-content\/uploads\/2025\/11\/puerta-para-terraza-exterior-300x200.webp 300w, https:\/\/ambtottancat.com\/wp-content\/uploads\/2025\/11\/puerta-para-terraza-exterior-1024x683.webp 1024w, https:\/\/ambtottancat.com\/wp-content\/uploads\/2025\/11\/puerta-para-terraza-exterior-768x512.webp 768w\" sizes=\"auto, (max-width: 1536px) 100vw, 1536px\" \/><\/figure>\n\n<h2 class=\"gb-headline gb-headline-23e70113 gb-headline-text\"><a href=\"https:\/\/ambtottancat.com\/ca\/porta-per-a-terrassa-exterior-guia-completa-per-triar-seguretat-disseny-i-durabilitat-a-la-teva-llar\/\">Porta per a terrassa exterior: guia completa per triar seguretat, disseny i durabilitat a la teva llar<\/a><\/h2>\n\n<p class=\"gb-headline gb-headline-4e52aed3 gb-headline-text\"><time class=\"entry-date published\" datetime=\"2025-11-21T08:00:00+02:00\">21 de novembre de 2025<\/time><\/p>\n\n<div class=\"gb-headline gb-headline-b7b6ec46 gb-headline-text\">Triar una porta per a terrassa exterior no nom\u00e9s afecta l&#8217;estil del teu habitatge, sin\u00f3 &#8230; <a title=\"Porta per a terrassa exterior: guia completa per triar seguretat, disseny i durabilitat a la teva llar\" class=\"read-more\" href=\"https:\/\/ambtottancat.com\/ca\/porta-per-a-terrassa-exterior-guia-completa-per-triar-seguretat-disseny-i-durabilitat-a-la-teva-llar\/\" aria-label=\"M\u00e9s informaci\u00f3 sobre Porta per a terrassa exterior: guia completa per triar seguretat, disseny i durabilitat a la teva llar\">Read more<\/a><\/div>\n<\/div><\/div>\n\n<div class=\"gb-grid-column gb-grid-column-3938c607 gb-query-loop-item post-6446 post type-post status-publish format-standard has-post-thumbnail hentry category-blog-ambtottancat\"><div class=\"gb-container gb-container-3938c607\">\n<figure class=\"gb-block-image gb-block-image-af06b351\"><img loading=\"lazy\" decoding=\"async\" width=\"1536\" height=\"1024\" src=\"https:\/\/ambtottancat.com\/wp-content\/uploads\/2025\/11\/Rejas-para-puertas.webp\" class=\"gb-image-af06b351\" alt=\"Reixes per a portes\" srcset=\"https:\/\/ambtottancat.com\/wp-content\/uploads\/2025\/11\/Rejas-para-puertas.webp 1536w, https:\/\/ambtottancat.com\/wp-content\/uploads\/2025\/11\/Rejas-para-puertas-300x200.webp 300w, https:\/\/ambtottancat.com\/wp-content\/uploads\/2025\/11\/Rejas-para-puertas-1024x683.webp 1024w, https:\/\/ambtottancat.com\/wp-content\/uploads\/2025\/11\/Rejas-para-puertas-768x512.webp 768w\" sizes=\"auto, (max-width: 1536px) 100vw, 1536px\" \/><\/figure>\n\n<h2 class=\"gb-headline gb-headline-23e70113 gb-headline-text\"><a href=\"https:\/\/ambtottancat.com\/ca\/rejas-para-puertas-seguridad-diseno-y-funcionalidad-para-tu-hogar\/\">Rejas para puertas: seguridad, dise\u00f1o y funcionalidad para tu hogar<\/a><\/h2>\n\n<p class=\"gb-headline gb-headline-4e52aed3 gb-headline-text\"><time class=\"entry-date published\" datetime=\"2025-11-14T08:00:00+02:00\">14 de novembre de 2025<\/time><\/p>\n\n<div class=\"gb-headline gb-headline-b7b6ec46 gb-headline-text\">La seguretat de la llar \u00e9s una prioritat cada vegada m\u00e9s gran, i les reixes &#8230; <a title=\"Rejas para puertas: seguridad, dise\u00f1o y funcionalidad para tu hogar\" class=\"read-more\" href=\"https:\/\/ambtottancat.com\/ca\/rejas-para-puertas-seguridad-diseno-y-funcionalidad-para-tu-hogar\/\" aria-label=\"M\u00e9s informaci\u00f3 sobre Rejas para puertas: seguridad, dise\u00f1o y funcionalidad para tu hogar\">Read more<\/a><\/div>\n<\/div><\/div>\n\n<div class=\"gb-grid-column gb-grid-column-3938c607 gb-query-loop-item post-6444 post type-post status-publish format-standard has-post-thumbnail hentry category-blog-ambtottancat\"><div class=\"gb-container gb-container-3938c607\">\n<figure class=\"gb-block-image gb-block-image-af06b351\"><img loading=\"lazy\" decoding=\"async\" width=\"1536\" height=\"1024\" src=\"https:\/\/ambtottancat.com\/wp-content\/uploads\/2025\/11\/img-son-seguras-las-rejas-de-ballesta.webp\" class=\"gb-image-af06b351\" alt=\"s\u00f3n segures les reixes de ballesta\" srcset=\"https:\/\/ambtottancat.com\/wp-content\/uploads\/2025\/11\/img-son-seguras-las-rejas-de-ballesta.webp 1536w, https:\/\/ambtottancat.com\/wp-content\/uploads\/2025\/11\/img-son-seguras-las-rejas-de-ballesta-300x200.webp 300w, https:\/\/ambtottancat.com\/wp-content\/uploads\/2025\/11\/img-son-seguras-las-rejas-de-ballesta-1024x683.webp 1024w, https:\/\/ambtottancat.com\/wp-content\/uploads\/2025\/11\/img-son-seguras-las-rejas-de-ballesta-768x512.webp 768w\" sizes=\"auto, (max-width: 1536px) 100vw, 1536px\" \/><\/figure>\n\n<h2 class=\"gb-headline gb-headline-23e70113 gb-headline-text\"><a href=\"https:\/\/ambtottancat.com\/ca\/son-segures-les-reixes-de-ballesta-protegeix-la-teva-llar-amb-amb-tot-tancat\/\">S\u00f3n segures les reixes de ballesta? Protegeix la teva llar amb Amb Tot Tancat<\/a><\/h2>\n\n<p class=\"gb-headline gb-headline-4e52aed3 gb-headline-text\"><time class=\"entry-date published\" datetime=\"2025-11-07T08:00:00+02:00\">7 de novembre de 2025<\/time><\/p>\n\n<div class=\"gb-headline gb-headline-b7b6ec46 gb-headline-text\">En un moment en qu\u00e8 la seguretat de la llar \u00e9s una preocupaci\u00f3 constant, moltes &#8230; <a title=\"S\u00f3n segures les reixes de ballesta? Protegeix la teva llar amb Amb Tot Tancat\" class=\"read-more\" href=\"https:\/\/ambtottancat.com\/ca\/son-segures-les-reixes-de-ballesta-protegeix-la-teva-llar-amb-amb-tot-tancat\/\" aria-label=\"M\u00e9s informaci\u00f3 sobre S\u00f3n segures les reixes de ballesta? Protegeix la teva llar amb Amb Tot Tancat\">Read more<\/a><\/div>\n<\/div><\/div>\n\n<div class=\"gb-grid-column gb-grid-column-3938c607 gb-query-loop-item post-6442 post type-post status-publish format-standard has-post-thumbnail hentry category-blog-ambtottancat\"><div class=\"gb-container gb-container-3938c607\">\n<figure class=\"gb-block-image gb-block-image-af06b351\"><img loading=\"lazy\" decoding=\"async\" width=\"1536\" height=\"1024\" src=\"https:\/\/ambtottancat.com\/wp-content\/uploads\/2025\/10\/reja-de-ballesta.webp\" class=\"gb-image-af06b351\" alt=\"reixa de ballesta\" srcset=\"https:\/\/ambtottancat.com\/wp-content\/uploads\/2025\/10\/reja-de-ballesta.webp 1536w, https:\/\/ambtottancat.com\/wp-content\/uploads\/2025\/10\/reja-de-ballesta-300x200.webp 300w, https:\/\/ambtottancat.com\/wp-content\/uploads\/2025\/10\/reja-de-ballesta-1024x683.webp 1024w, https:\/\/ambtottancat.com\/wp-content\/uploads\/2025\/10\/reja-de-ballesta-768x512.webp 768w\" sizes=\"auto, (max-width: 1536px) 100vw, 1536px\" \/><\/figure>\n\n<h2 class=\"gb-headline gb-headline-23e70113 gb-headline-text\"><a href=\"https:\/\/ambtottancat.com\/ca\/reixa-de-ballesta-seguretat-disseny-i-proteccio-adaptada-a-cada-espai\/\">Reixa de ballesta: seguretat, disseny i protecci\u00f3 adaptada a cada espai<\/a><\/h2>\n\n<p class=\"gb-headline gb-headline-4e52aed3 gb-headline-text\"><time class=\"entry-date published\" datetime=\"2025-10-31T08:00:00+02:00\">31 d&#039;octubre de 2025<\/time><\/p>\n\n<div class=\"gb-headline gb-headline-b7b6ec46 gb-headline-text\">La reixa de ballesta s&#8217;ha convertit en una de les solucions m\u00e9s pr\u00e0ctiques i segures &#8230; <a title=\"Reixa de ballesta: seguretat, disseny i protecci\u00f3 adaptada a cada espai\" class=\"read-more\" href=\"https:\/\/ambtottancat.com\/ca\/reixa-de-ballesta-seguretat-disseny-i-proteccio-adaptada-a-cada-espai\/\" aria-label=\"M\u00e9s informaci\u00f3 sobre Reixa de ballesta: seguretat, disseny i protecci\u00f3 adaptada a cada espai\">Read more<\/a><\/div>\n<\/div><\/div>\n\n<div class=\"gb-grid-column gb-grid-column-3938c607 gb-query-loop-item post-6440 post type-post status-publish format-standard has-post-thumbnail hentry category-blog-ambtottancat\"><div class=\"gb-container gb-container-3938c607\">\n<figure class=\"gb-block-image gb-block-image-af06b351\"><img loading=\"lazy\" decoding=\"async\" width=\"1536\" height=\"1024\" src=\"https:\/\/ambtottancat.com\/wp-content\/uploads\/2025\/10\/puertas-blindadas-de-exterior.webp\" class=\"gb-image-af06b351\" alt=\"portes blindades d&#039; exterior\" srcset=\"https:\/\/ambtottancat.com\/wp-content\/uploads\/2025\/10\/puertas-blindadas-de-exterior.webp 1536w, https:\/\/ambtottancat.com\/wp-content\/uploads\/2025\/10\/puertas-blindadas-de-exterior-300x200.webp 300w, https:\/\/ambtottancat.com\/wp-content\/uploads\/2025\/10\/puertas-blindadas-de-exterior-1024x683.webp 1024w, https:\/\/ambtottancat.com\/wp-content\/uploads\/2025\/10\/puertas-blindadas-de-exterior-768x512.webp 768w\" sizes=\"auto, (max-width: 1536px) 100vw, 1536px\" \/><\/figure>\n\n<h2 class=\"gb-headline gb-headline-23e70113 gb-headline-text\"><a href=\"https:\/\/ambtottancat.com\/ca\/portes-blindades-d-exterior-la-combinacio-perfecta-entre-seguretat-i-disseny\/\">Portes blindades d&#8217; exterior: la combinaci\u00f3 perfecta entre seguretat i disseny<\/a><\/h2>\n\n<p class=\"gb-headline gb-headline-4e52aed3 gb-headline-text\"><time class=\"entry-date published\" datetime=\"2025-10-24T08:00:00+02:00\">24 d&#039;octubre de 2025<\/time><\/p>\n\n<div class=\"gb-headline gb-headline-b7b6ec46 gb-headline-text\">Quan pensem a refor\u00e7ar la seguretat de la llar, les portes blindades d&#8217;exterior es converteixen &#8230; <a title=\"Portes blindades d&#8217; exterior: la combinaci\u00f3 perfecta entre seguretat i disseny\" class=\"read-more\" href=\"https:\/\/ambtottancat.com\/ca\/portes-blindades-d-exterior-la-combinacio-perfecta-entre-seguretat-i-disseny\/\" aria-label=\"M\u00e9s informaci\u00f3 sobre Portes blindades d&#8217; exterior: la combinaci\u00f3 perfecta entre seguretat i disseny\">Read more<\/a><\/div>\n<\/div><\/div>\n<\/div>\n\n<div class=\"gb-container gb-container-77dc8741 gb-query-loop-pagination\">\n\n\n<span class=\"gb-button gb-button-39abc224 gb-button-text page-numbers gb-block-is-current\" aria-current=\"page\">1<\/span><a class=\"gb-button gb-button-39abc224 gb-button-text page-numbers\" href=\"?query-3940311f-page=2\">2<\/a><a class=\"gb-button gb-button-39abc224 gb-button-text page-numbers\" href=\"?query-3940311f-page=3\">3<\/a><span class=\"gb-button gb-button-39abc224 gb-button-text page-numbers dots\">\u2026<\/span><a class=\"gb-button gb-button-39abc224 gb-button-text page-numbers\" href=\"?query-3940311f-page=10\">10<\/a>\n\n<a class=\"gb-button gb-button-7476ab12 gb-button-text\" href=\"\/ca\/wp-json\/wp\/v2\/pages\/4718?query-3940311f-page=2\">Seg\u00fcent<\/a>\n<\/div>\n\n<\/div>\n<\/div>","protected":false},"excerpt":{"rendered":"","protected":false},"author":1,"featured_media":0,"parent":0,"menu_order":0,"comment_status":"closed","ping_status":"closed","template":"","meta":{"footnotes":""},"class_list":["post-4718","page","type-page","status-publish"],"_links":{"self":[{"href":"https:\/\/ambtottancat.com\/ca\/wp-json\/wp\/v2\/pages\/4718","targetHints":{"allow":["GET"]}}],"collection":[{"href":"https:\/\/ambtottancat.com\/ca\/wp-json\/wp\/v2\/pages"}],"about":[{"href":"https:\/\/ambtottancat.com\/ca\/wp-json\/wp\/v2\/types\/page"}],"author":[{"embeddable":true,"href":"https:\/\/ambtottancat.com\/ca\/wp-json\/wp\/v2\/users\/1"}],"replies":[{"embeddable":true,"href":"https:\/\/ambtottancat.com\/ca\/wp-json\/wp\/v2\/comments?post=4718"}],"version-history":[{"count":0,"href":"https:\/\/ambtottancat.com\/ca\/wp-json\/wp\/v2\/pages\/4718\/revisions"}],"wp:attachment":[{"href":"https:\/\/ambtottancat.com\/ca\/wp-json\/wp\/v2\/media?parent=4718"}],"curies":[{"name":"wp","href":"https:\/\/api.w.org\/{rel}","templated":true}]}}